{"id":23,"date":"2013-02-19T18:46:50","date_gmt":"2013-02-19T18:46:50","guid":{"rendered":"http:\/\/cineclubeguimaraes.org\/wordpress\/?page_id=23"},"modified":"2022-07-02T07:10:05","modified_gmt":"2022-07-02T07:10:05","slug":"breve-historia","status":"publish","type":"page","link":"https:\/\/cineclubeguimaraes.org\/wordpress\/?page_id=23","title":{"rendered":"BREVE HIST\u00d3RIA"},"content":{"rendered":"<blockquote>\n<div id=\"_mcePaste\"><em>Nesse j\u00e1 distante ano de 1958, o Inverno n\u00e3o o foi esta\u00e7\u00e3o fria para a cultura vimaranense.\u00a0No Janeiro em que tantas plantas se casam com a terra-m\u00e3e, quis o amor pelo cinema que n\u00e3o havia &#8211;\u00a0ou raras vezes se encontrava &#8211; em Guimar\u00e3es, que se lan\u00e7asse nesta terra \u00fabere a semente que um dia\u00a0floriu ante aos olhos de Lumi\u00e8re.<\/em><\/div>\n<div id=\"_mcePaste\"><em>Facto que n\u00e3o deixa de ser curioso, \u00e9 o de escrever estas notas quando se comemora o centen\u00e1rio\u00a0da m\u00e1gica arte do cinema.<\/em><\/div>\n<div id=\"_mcePaste\"><em>Uma das formas de contornar a dificuldade de poder ver bom cinema era a cria\u00e7\u00e3o de um Cineclube,\u00a0experi\u00eancia que tinha vivido em Coimbra e que tinha no Porto a express\u00e3o paradigm\u00e1tica.<\/em><\/div>\n<\/blockquote>\n<blockquote>\n<div id=\"_mcePaste\"><em><strong>Joaquim Santos Sim\u00f5es (fundador do Cineclube de Guimar\u00e3es)<\/strong><\/em><\/div>\n<div id=\"_mcePaste\"><em><strong>In \u201cCineclube de Guimar\u00e3es &#8211; Hist\u00f3ria Breve\u201d<\/strong><\/em><\/div>\n<div><em><strong>\u00a0<\/strong><\/em><\/div>\n<\/blockquote>\n<div id=\"_mcePaste\">\n<p><span style=\"color: #3b3c3b; font-family: Arial, sans-serif; font-size: 11pt;\" data-darkreader-inline-color=\"\"><span style=\"font-size: 11.0pt; font-family: 'Arial','sans-serif'; color: #3b3c3b;\" data-darkreader-inline-color=\"\">Fundado em 17 de Maio de 1958, o Cineclube de Guimar\u00e3es veio corresponder a uma necessidade objectiva em termos <\/span><span style=\"font-size: 11.0pt; font-family: 'Arial','sans-serif'; color: #3b3c3b;\" data-darkreader-inline-color=\"\">de cultura cinematogr\u00e1fica da cidade de Guimar\u00e3es e no seu concelho.\u00a0<\/span>Em pleno regime fascista do Estado Novo, como outras associa\u00e7\u00f5es culturais, o Cineclube de\u00a0Guimar\u00e3es confrontou-se com as dificuldades inerentes \u00e0s associa\u00e7\u00f5es n\u00e3o-alinhadas pelos\u00a0crit\u00e9rios pol\u00edticos e culturais de ent\u00e3o. A batalha pela aprova\u00e7\u00e3o dos Estatutos foi a primeira\u00a0demonstra\u00e7\u00e3o de unidade e determina\u00e7\u00e3o desta institui\u00e7\u00e3o, s\u00f3 se concretizando em 1959.\u00a0A aceita\u00e7\u00e3o por parte do Secretariado Nacional de Informa\u00e7\u00e3o (SNI) das listas democraticamente\u00a0eleitas para os \u00f3rg\u00e3os sociais\u00a0<span style=\"font-size: 11.0pt; font-family: 'Arial','sans-serif'; color: #3b3c3b;\" data-darkreader-inline-color=\"\">foi outro momento de grande e decidida mobiliza\u00e7\u00e3o.<\/span><\/span><\/p>\n<p><span style=\"color: #3b3c3b; font-family: Arial, sans-serif; font-size: 11pt;\" data-darkreader-inline-color=\"\">A actividade regular iniciou-se em 1958 com a projec\u00e7\u00e3o de filmes em 35mm no Teatro Jord\u00e3o.\u00a0<\/span><span style=\"color: #3b3c3b; font-family: Arial, sans-serif; font-size: 11pt;\" data-darkreader-inline-color=\"\">Paralelamente, foram-se realizando diversas sess\u00f5es dedicadas ao p\u00fablico infantil e abertas\u00a0<\/span><span style=\"color: #3b3c3b; font-family: Arial, sans-serif; font-size: 11pt;\" data-darkreader-inline-color=\"\">\u00e0 comunidade. Tamb\u00e9m o jazz, express\u00e3o musical muito marginalizada na \u00e9poca, teve lugar\u00a0<\/span><span style=\"font-size: 11.0pt; font-family: 'Arial','sans-serif'; color: #3b3c3b;\" data-darkreader-inline-color=\"\">no espa\u00e7o do Cineclube com a realiza\u00e7\u00e3o de audi\u00e7\u00f5es seguidas de debates.\u00a0<\/span><span style=\"color: #3b3c3b; font-family: Arial, sans-serif; font-size: 11pt;\" data-darkreader-inline-color=\"\">\u00c9 durante a d\u00e9cada de 60 que o Cineclube de Guimar\u00e3es alarga e consolida a sua implanta\u00e7\u00e3o\u00a0<\/span><span style=\"color: #3b3c3b; font-family: Arial, sans-serif; font-size: 11pt;\" data-darkreader-inline-color=\"\">na sociedade vimaranense, fruto de trabalho continuado e persistente. Esta aceita\u00e7\u00e3o\u00a0<\/span><span style=\"color: #3b3c3b; font-family: Arial, sans-serif; font-size: 11pt;\" data-darkreader-inline-color=\"\">explica-se pela criteriosa programa\u00e7\u00e3o, em contraste com a grande maioria dos filmes exibidos\u00a0<\/span><span style=\"font-size: 11.0pt; font-family: 'Arial','sans-serif'; color: #3b3c3b;\" data-darkreader-inline-color=\"\">comercialmente na \u00fanica sala ent\u00e3o existente.<\/span><\/p>\n<p><span style=\"color: #3b3c3b; font-family: Arial, sans-serif; font-size: 11pt;\" data-darkreader-inline-color=\"\">A partir de 1971, o Cineclube de Guimar\u00e3es muda de sala de exibi\u00e7\u00e3o, passando a\u00a0<\/span><span style=\"color: #3b3c3b; font-family: Arial, sans-serif; font-size: 11pt;\" data-darkreader-inline-color=\"\">realizar as suas sess\u00f5es no rec\u00e9m-inaugurado Cinema S\u00e3o Mamede, oferecendo aos\u00a0<\/span><span style=\"font-size: 11.0pt; font-family: 'Arial','sans-serif'; color: #3b3c3b;\" data-darkreader-inline-color=\"\">seus associados melhores condi\u00e7\u00f5es de conforto e de projec\u00e7\u00e3o cinematogr\u00e1fica.\u00a0<\/span><span style=\"color: #3b3c3b; font-family: Arial, sans-serif; font-size: 11pt;\" data-darkreader-inline-color=\"\">Ap\u00f3s o 25 de Abril de 1974, o Cineclube de Guimar\u00e3es experimenta um per\u00edodo de grande\u00a0<\/span><span style=\"color: #3b3c3b; font-family: Arial, sans-serif; font-size: 11pt;\" data-darkreader-inline-color=\"\">crescimento, o qual d\u00e1 origem a uma maior diversidade sociol\u00f3gica na sua composi\u00e7\u00e3o\u00a0<\/span><span style=\"color: #3b3c3b; font-family: Arial, sans-serif; font-size: 11pt;\" data-darkreader-inline-color=\"\">associativa. Nesta fase, a institui\u00e7\u00e3o alarga e aumenta substancialmente a sua actividade,\u00a0<\/span><span style=\"color: #3b3c3b; font-family: Arial, sans-serif; font-size: 11pt;\" data-darkreader-inline-color=\"\">especialmente a que respeita a itiner\u00e2ncia por Escolas, Sindicatos, Estabelecimento\u00a0<\/span><span style=\"color: #3b3c3b; font-family: Arial, sans-serif; font-size: 11pt;\" data-darkreader-inline-color=\"\">Prisional, Associa\u00e7\u00f5es Recreativas e Desportivas de todo o concelho.\u00a0<\/span><\/p>\n<p><span style=\"color: #3b3c3b; font-family: Arial, sans-serif; font-size: 11pt;\" data-darkreader-inline-color=\"\">A d\u00e9cada de 80 foi particularmente impiedosa para o Cinema em Portugal, assistindo-se ao\u00a0<\/span><span style=\"color: #3b3c3b; font-family: Arial, sans-serif; font-size: 11pt; text-align: justify;\" data-darkreader-inline-color=\"\">encerramento das grandes salas de cinema do pa\u00eds, tendo o movimento cineclubista resistido\u00a0<\/span><span style=\"color: #3b3c3b; font-family: Arial, sans-serif; font-size: 11pt; text-align: justify;\" data-darkreader-inline-color=\"\">\u00e0 investida dos videoclubes, da televis\u00e3o estrangeira e da mudan\u00e7a de h\u00e1bitos dos portugueses. O\u00a0<\/span><span style=\"color: #3b3c3b; font-family: Arial, sans-serif; font-size: 11pt; text-align: justify;\" data-darkreader-inline-color=\"\">Cineclube de Guimar\u00e3es conseguiu resistir \u00e0 grande crise que o cinema atravessou, e foi\u00a0<\/span><span style=\"color: #3b3c3b; font-family: Arial, sans-serif; font-size: 11pt; text-align: justify;\" data-darkreader-inline-color=\"\">capaz de diversificar a actividade, alargando-a \u00e0 m\u00fasica popular e tradicional, preenchendo o\u00a0<\/span><span style=\"color: #3b3c3b; font-family: Arial, sans-serif; font-size: 11pt; text-align: justify;\" data-darkreader-inline-color=\"\">enorme e hist\u00f3rico vazio nesta \u00e1rea. \u00c9 assim que organiza espect\u00e1culos, entre outros, com\u00a0<\/span><span style=\"color: #3b3c3b; font-family: Arial, sans-serif; font-size: 11pt; text-align: justify;\" data-darkreader-inline-color=\"\">Carlos Paredes, Nortada, La Musga\u00f1a, J\u00falio Pereira, Gwendal, Emilio Cao e os Encontros Musicais\u00a0<\/span><span style=\"color: #3b3c3b; font-family: Arial, sans-serif; font-size: 11pt; text-align: justify;\" data-darkreader-inline-color=\"\">da Tradi\u00e7\u00e3o Europeia, com a presen\u00e7a de oito grupos.\u00a0<\/span><\/p>\n<p><span style=\"color: #3b3c3b; font-family: Arial, sans-serif; font-size: 11pt; text-align: justify;\" data-darkreader-inline-color=\"\">Em 1980, em colabora\u00e7\u00e3o com a Biblioteca Gulbenkian local e a C\u00e2mara Municipal\u00a0<\/span><span style=\"color: #3b3c3b; font-family: Arial, sans-serif; font-size: 11pt; text-align: justify;\" data-darkreader-inline-color=\"\">de Guimar\u00e3es, e com apoio do Instituto de Tecnologia Educativa, o Cineclube dinamizou a produ\u00e7\u00e3o\u00a0<\/span><span style=\"color: #3b3c3b; font-family: Arial, sans-serif; font-size: 11pt; text-align: justify;\" data-darkreader-inline-color=\"\">do filme \u201cRio de Couros\u201d\u00a0<\/span><span style=\"color: #3b3c3b; font-family: Arial, sans-serif; font-size: 11pt; text-align: justify;\" data-darkreader-inline-color=\"\">(em 16mm), que abordava a tradi\u00e7\u00e3o da ind\u00fastria de curtumes e quest\u00f5es\u00a0<\/span><span style=\"color: #3b3c3b; font-family: Arial, sans-serif; font-size: 11pt; text-align: justify;\" data-darkreader-inline-color=\"\">hist\u00f3ricas, sociais e econ\u00f3micas associadas.\u00a0<\/span><span style=\"color: #3b3c3b; font-family: Arial, sans-serif; font-size: 11pt; text-align: justify;\" data-darkreader-inline-color=\"\">Em 1989, o Cineclube apresenta a primeira edi\u00e7\u00e3o do Cinema em Noites de Ver\u00e3o, um ciclo de cinema ao ar livre, no Centro Hist\u00f3rico,\u00a0<\/span><span style=\"color: #3b3c3b; font-family: Arial, sans-serif; font-size: 11pt; text-align: justify;\" data-darkreader-inline-color=\"\">conseguindo rapidamente tornar-se numa iniciativa do agrado de vimaranenses e dos in\u00fameros\u00a0<\/span><span style=\"color: #3b3c3b; font-family: Arial, sans-serif; font-size: 11pt; text-align: justify;\" data-darkreader-inline-color=\"\">visitantes nacionais e estrangeiros.\u00a0<\/span><\/p>\n<p><span style=\"color: #3b3c3b; font-family: Arial, sans-serif; font-size: 11pt; text-align: justify;\" data-darkreader-inline-color=\"\">Em 1994, a Assembleia Municipal de\u00a0<\/span><span style=\"color: #3b3c3b; font-family: Arial, sans-serif; font-size: 11pt; text-align: justify;\" data-darkreader-inline-color=\"\">Guimar\u00e3es, sob proposta da C\u00e2mara Municipal de Guimar\u00e3es, atribui a Medalha de Ouro de M\u00e9rito Cultural ao Cineclube, a m\u00e1xima distin\u00e7\u00e3o atribu\u00edda por uma autarquia.\u00a0<\/span><span style=\"color: #3b3c3b; font-family: Arial, sans-serif; font-size: 11pt; text-align: justify;\" data-darkreader-inline-color=\"\">Em 1995, o Cineclube de Guimar\u00e3es organizou e acolheu o XII Encontro Nacional de Cineclubes<\/span><span style=\"font-size: 11.0pt; font-family: 'Arial','sans-serif'; color: #3b3c3b;\" data-darkreader-inline-color=\"\">, em colabora\u00e7\u00e3o com a Federa\u00e7\u00e3o Portuguesa de Cineclubes.<\/span><span style=\"font-size: 11.0pt; font-family: 'Arial','sans-serif'; color: #3b3c3b;\" data-darkreader-inline-color=\"\">\u00a0<\/span><span style=\"color: #3b3c3b; font-family: Arial, sans-serif; font-size: 11pt; text-align: justify;\" data-darkreader-inline-color=\"\">Em 1996, integrado nas comemora\u00e7\u00f5es do centen\u00e1rio do cinema portugu\u00eas, foi editado o livro\u00a0<\/span><span style=\"font-size: 11.0pt; font-family: 'Arial','sans-serif'; color: #3b3c3b;\" data-darkreader-inline-color=\"\">\u201cCineclube de Guimar\u00e3es \u2013 Hist\u00f3ria Breve\u201d, da autoria de Joaquim Santos Sim\u00f5es.<\/span><\/p>\n<p><span style=\"color: #3b3c3b; font-family: Arial, sans-serif; font-size: 11pt; text-align: justify;\" data-darkreader-inline-color=\"\">Entre 1996 e 2005, o Cineclube de Guimar\u00e3es passou a\u00a0<\/span><span style=\"color: #3b3c3b; font-family: Arial, sans-serif; font-size: 11pt; text-align: justify;\" data-darkreader-inline-color=\"\">organizar as suas sess\u00f5es regulares no Audit\u00f3rio da Universidade do Minho, um espa\u00e7o com capacidade\u00a0<\/span><span style=\"font-size: 11.0pt; font-family: 'Arial','sans-serif'; color: #3b3c3b;\" data-darkreader-inline-color=\"\">para cerca de 500 espectadores.<\/span><span style=\"font-size: 11.0pt; font-family: 'Arial','sans-serif'; color: #3b3c3b;\" data-darkreader-inline-color=\"\">\u00a0<\/span><span style=\"color: #3b3c3b; font-family: Arial, sans-serif; font-size: 11pt; text-align: justify;\" data-darkreader-inline-color=\"\">Em 2000, integrado no Festival do Mil\u00e9nio, o Cineclube organizou o Ciclo \u201cO S\u00e9culo dos Filmes\u201d em colabora\u00e7\u00e3o\u00a0<\/span><span style=\"color: #3b3c3b; font-family: Arial, sans-serif; font-size: 11pt; text-align: justify;\" data-darkreader-inline-color=\"\">com a Cinemateca Portuguesa e com o apoio da C\u00e2mara Municipal de Guimar\u00e3es<\/span><span style=\"font-size: 11.0pt; font-family: 'Arial','sans-serif'; color: #3b3c3b;\" data-darkreader-inline-color=\"\">.\u00a0<\/span><span style=\"color: #3b3c3b; font-family: Arial, sans-serif; font-size: 11pt; text-align: justify; --darkreader-inline-color: #c2bdb5;\" data-darkreader-inline-color=\"\">Em 2005, com a inaugura\u00e7\u00e3o do Centro Cultural Vila Flor, o Cineclube de Guimar\u00e3es foi\u00a0<\/span><span style=\"color: #3b3c3b; font-family: Arial, sans-serif; font-size: 11pt; text-align: justify;\" data-darkreader-inline-color=\"\">convidado a realizar as suas sess\u00f5es neste novo espa\u00e7o, sess\u00f5es que passam a integrar a\u00a0<\/span><span style=\"color: #3b3c3b; font-family: Arial, sans-serif; font-size: 11pt; text-align: justify;\" data-darkreader-inline-color=\"\">programa\u00e7\u00e3o desse importante centro cultural e art\u00edstico. Esta distin\u00e7\u00e3o faz do Cineclube de\u00a0<\/span><span style=\"color: #3b3c3b; font-family: Arial, sans-serif; font-size: 11pt; text-align: justify;\" data-darkreader-inline-color=\"\">Guimar\u00e3es a \u00fanica institui\u00e7\u00e3o residente e que maior actividade a\u00ed desenvolve, excluindo\u00a0<\/span><span style=\"color: #3b3c3b; font-family: Arial, sans-serif; font-size: 11pt; text-align: justify;\" data-darkreader-inline-color=\"\">obviamente a actividade pr\u00f3pria do Centro Cultural.\u00a0<\/span><span style=\"color: #3b3c3b; font-family: Arial, sans-serif; font-size: 11pt; line-height: 14pt; text-align: justify;\" data-darkreader-inline-color=\"\">A possibilidade que o Cineclube de Guimar\u00e3es passou a ter de utilizar os dois Audit\u00f3rios do\u00a0<\/span><span style=\"color: #3b3c3b; font-family: Arial, sans-serif; font-size: 11pt; line-height: 14pt; text-align: justify;\" data-darkreader-inline-color=\"\">Centro Cultural Vila Flor, permite-lhe organizar regularmente no Pequeno Audit\u00f3rio (200 lugares)\u00a0<\/span><span style=\"color: #3b3c3b; font-family: Arial, sans-serif; font-size: 11pt; line-height: 14pt; text-align: justify;\" data-darkreader-inline-color=\"\">os Ciclos de Cinema, paralelos aos 6 filmes mensais no Grande Audit\u00f3rio (800 lugares). Assim,\u00a0<\/span><span style=\"color: #3b3c3b; font-family: Arial, sans-serif; font-size: 11pt; line-height: 14pt; text-align: justify;\" data-darkreader-inline-color=\"\">desde 2006, organiza tr\u00eas ciclos por ano, com os mais diversos temas.<\/span><\/p>\n<p><span style=\"color: #3b3c3b; font-family: Arial, sans-serif; font-size: 11pt; text-align: justify;\" data-darkreader-inline-color=\"\">Em 2002, o Cineclube de Guimar\u00e3es criou a sua Sec\u00e7\u00e3o de Fotografia (em tempos partilhada\u00a0<\/span><span style=\"color: #3b3c3b; font-family: Arial, sans-serif; font-size: 11pt; text-align: justify;\" data-darkreader-inline-color=\"\">com outra associa\u00e7\u00e3o) com organiza\u00e7\u00e3o de cursos de forma\u00e7\u00e3o (abertos a toda a comunidade)\u00a0<\/span><span style=\"color: #3b3c3b; font-family: Arial, sans-serif; font-size: 11pt; text-align: justify;\" data-darkreader-inline-color=\"\">e exposi\u00e7\u00f5es. De salientar que estas ac\u00e7\u00f5es t\u00eam sido frequentadas por pessoas de diversas\u00a0<\/span><span style=\"font-size: 11.0pt; font-family: 'Arial','sans-serif'; color: #3b3c3b;\" data-darkreader-inline-color=\"\">gera\u00e7\u00f5es e t\u00eam-se vindo a repetir anualmente.<\/span><span style=\"font-size: 11.0pt; font-family: 'Arial','sans-serif'; color: #3b3c3b;\" data-darkreader-inline-color=\"\">\u00a0<span style=\"font-size: 11pt;\">Em 2007, o Cineclube de Guimar\u00e3es, atrav\u00e9s da sua Sec\u00e7\u00e3o de Fotografia, editou o livro\u00a0<\/span><span style=\"font-size: 11pt;\">\u201cVimaranenses\u201d, 1\u00ba livro da s\u00e9rie de 6 livros de fotografia, intitulada \u201cCadernos de Imagens\u201d.\u00a0<\/span><span style=\"font-size: 11pt;\">Em 2010 \u00e9 editado o 2\u00ba livro, intitulado \u201cVimaranenses \u2013 As m\u00e3os e as m\u00e1quinas\u201d, em\u00a0<\/span><span style=\"font-size: 11.0pt; font-family: 'Arial','sans-serif'; color: #3b3c3b;\" data-darkreader-inline-color=\"\">simult\u00e2neo com a exposi\u00e7\u00e3o dos trabalhos a\u00ed publicados.\u00a0<\/span><\/span><span style=\"color: #3b3c3b; font-family: Arial, sans-serif; font-size: 11pt; text-align: justify;\" data-darkreader-inline-color=\"\">Ao longo da sua hist\u00f3ria o Cineclube organizou sess\u00f5es de cinema com banda sonora interpretada\u00a0<\/span><span style=\"color: #3b3c3b; font-family: Arial, sans-serif; font-size: 11pt; text-align: justify;\" data-darkreader-inline-color=\"\">ao vivo, sendo os exemplos mais recentes, \u201dComboio de Sombras\u201d pelos Oddawn, \u201cAurora\u201d\u00a0<\/span><span style=\"font-size: 11.0pt; font-family: 'Arial','sans-serif'; color: #3b3c3b;\" data-darkreader-inline-color=\"\">pela orquestra L\u00e1udano e o filme \u201cFrankenstein\u201d, orquestrado ao vivo pelos KungFuTrunx. A partir de\u00a0<span style=\"color: #3b3c3b; font-family: Arial, sans-serif; font-size: 11pt; text-align: justify;\" data-darkreader-inline-color=\"\">2016, o Cineclube tem organizado o espet\u00e1culo As Can\u00e7\u00f5es e os Filmes, uma celebra\u00e7\u00e3o do cruzamento do cinema com a m\u00fasica, dedicado n\u00e3o \u00e0s can\u00e7\u00f5es em geral, mas \u00e0 sua express\u00e3o pop, a qual, a partir da d\u00e9cada de 1950, vem acompanhando in\u00fameros filmes e cuja import\u00e2ncia na estrutura narrativa \u00e9 inquestion\u00e1vel.<\/span><\/span><\/p>\n<p><span style=\"color: #404040; font-family: Arial, sans-serif; font-size: 11pt; line-height: 14pt; text-align: justify;\" data-darkreader-inline-color=\"\">Em 2011 foi criada a Sec\u00e7\u00e3o de Imagem e Movimento do Cineclube de Guimar\u00e3es, que\u00a0<\/span><span style=\"color: #404040; font-family: Arial, sans-serif; font-size: 11pt; line-height: 14pt; text-align: justify;\" data-darkreader-inline-color=\"\">organizou um Workshop de Cinema DSLR. Tamb\u00e9m nesse ano, o Cineclube foi\u00a0<\/span><span style=\"color: #404040; font-family: Arial, sans-serif; font-size: 11pt; line-height: 14pt; text-align: justify;\" data-darkreader-inline-color=\"\">convidado a\u00a0<\/span><span style=\"color: #404040; font-family: Arial, sans-serif; font-size: 11pt; line-height: 14pt; text-align: justify;\" data-darkreader-inline-color=\"\">associar-se \u00e0s comemora\u00e7\u00f5es da Eleva\u00e7\u00e3o de Guimar\u00e3es a Patrim\u00f3nio Mundial\u00a0<\/span><span style=\"color: #404040; font-family: Arial, sans-serif; font-size: 11pt; line-height: 14pt; text-align: justify;\" data-darkreader-inline-color=\"\">da Humanidade,\u00a0<\/span><span style=\"color: #404040; font-family: Arial, sans-serif; font-size: 11pt; line-height: 14pt; text-align: justify;\" data-darkreader-inline-color=\"\">com a organiza\u00e7\u00e3o de uma exposi\u00e7\u00e3o de fotografia e exibi\u00e7\u00e3o de imagens\u00a0<\/span><span style=\"color: #404040; font-family: Arial, sans-serif; font-size: 11pt; line-height: 14pt; text-align: justify;\" data-darkreader-inline-color=\"\">em movimento \u201cOutras\u00a0<\/span><span style=\"color: #404040; font-family: Arial, sans-serif; font-size: 11pt; line-height: 14pt; text-align: justify;\" data-darkreader-inline-color=\"\">Vis\u00f5es\u201d, da responsabilidade da Sec\u00e7\u00e3o de Fotografia e da\u00a0<\/span><span style=\"color: #404040; font-family: Arial, sans-serif; font-size: 11pt; line-height: 14pt; text-align: justify;\" data-darkreader-inline-color=\"\">Sec\u00e7\u00e3o de Imagem em Movimento.\u00a0<\/span><span style=\"color: #404040; font-family: Arial, sans-serif; font-size: 11pt; line-height: 14pt; text-align: justify;\" data-darkreader-inline-color=\"\">Desde 2011, o Cineclube de Guimar\u00e3es tem colaborado com a associa\u00e7\u00e3o cultural \u00d3 da Casa\u00a0<\/span><span style=\"color: #404040; font-family: Arial, sans-serif; font-size: 11pt; line-height: 14pt; text-align: justify;\" data-darkreader-inline-color=\"\">na organiza\u00e7\u00e3o das duas edi\u00e7\u00f5es anuais do Guimar\u00e3es Noc Noc e da primeira edi\u00e7\u00e3o do\u00a0<\/span><span style=\"color: #404040; font-family: Arial, sans-serif; font-size: 11pt; line-height: 14pt; text-align: justify;\" data-darkreader-inline-color=\"\">Guimar\u00e3es Y\u00e9-Y\u00e9. Nesse \u00e2mbito, foram realizados dois concertos no terra\u00e7o da sede, in\u00fameras\u00a0<\/span><span style=\"font-size: 11.0pt; font-family: 'Arial','sans-serif'; color: #404040;\" data-darkreader-inline-color=\"\">exposi\u00e7\u00f5es de fotografia e videoarte e diversas instala\u00e7\u00f5es sonoras e visuais.<\/span><\/p>\n<p><span style=\"color: #3b3c3b; font-family: Arial, sans-serif; font-size: 11pt; text-align: justify;\" data-darkreader-inline-color=\"\">O ano de 2012, da Capital Europeia da Cultura (CEC), foi um ano especial na cidade de Guimar\u00e3es e na actividade do nosso Cineclube<\/span><span style=\"color: #3b3c3b; font-family: Arial, sans-serif; font-size: 11pt; text-align: justify;\" data-darkreader-inline-color=\"\">. Mas para o Cineclube, o trabalho come\u00e7ou mais cedo: <\/span><span style=\"color: #3b3c3b; font-family: Arial, sans-serif; font-size: 11pt; text-align: justify;\" data-darkreader-inline-color=\"\">2010 foi marcado pela colabora\u00e7\u00e3o na prepara\u00e7\u00e3o e programa\u00e7\u00e3o na \u00e1rea\u00a0do Cinema da CEC e, em parceria com a\u00a0\u00c1rea da Comunidade da CEC, foram programados uma s\u00e9rie de filmes no intuito\u00a0de envolver a comunidade.\u00a0<\/span><span style=\"color: #3b3c3b; font-family: Arial, sans-serif; font-size: 11pt; text-align: justify;\" data-darkreader-inline-color=\"\">J\u00e1 em 2012, surgiriam outras actividades, como \u201cO Cinema vai \u00e0 Vila\u201d,\u00a0<\/span><span style=\"font-size: 11.0pt; font-family: 'Arial','sans-serif'; color: #3b3c3b;\" data-darkreader-inline-color=\"\">importante projecto de itiner\u00e2ncia do cinema pelas vilas do concelho de Guimar\u00e3es.\u00a0<\/span><span style=\"font-size: 11.0pt; font-family: 'Arial','sans-serif'; color: #3b3c3b;\" data-darkreader-inline-color=\"\"><span style=\"font-size: 11pt;\">Tamb\u00e9m com o apoio da CEC2012, o Cineclube de Guimar\u00e3es produziu o document\u00e1rio\u00a0<\/span><\/span><span style=\"color: #3b3c3b; font-family: Arial, sans-serif; font-size: 11pt; text-align: justify;\" data-darkreader-inline-color=\"\">\u201cGuimar\u00e3es, 50 anos de Pop\/Rock\u201d, com realiza\u00e7\u00e3o de Ricardo Leite, membro da Sec\u00e7\u00e3o de\u00a0<\/span><span style=\"color: #3b3c3b; font-family: Arial, sans-serif; font-size: 11pt; text-align: justify;\" data-darkreader-inline-color=\"\">Imagem em Movimento. Juntamente com neste projecto, foi editado um livro e realizado\u00a0<\/span><span style=\"color: #3b3c3b; font-family: Arial, sans-serif; font-size: 11pt; text-align: justify;\" data-darkreader-inline-color=\"\">um duplo concerto com as bandas mais emblem\u00e1ticas da\u00a0<\/span><span style=\"font-size: 11.0pt; font-family: 'Arial','sans-serif'; color: #3b3c3b;\" data-darkreader-inline-color=\"\">cena musical vimaranense das \u00faltimas d\u00e9cadas.<\/span><\/p>\n<p><span style=\"font-size: 11.0pt; font-family: 'Arial','sans-serif'; color: #3b3c3b;\" data-darkreader-inline-color=\"\">Apoiado pela \u00e1rea de programa\u00e7\u00e3o de M\u00fasica, o Cineclube de Guimar\u00e3es concebeu e promoveu o projecto \u201cO Cinema em Concerto\u201d, uma s\u00e9rie de 8 concertos com c\u00e9lebres m\u00fasicas de bandas sonoras de cinema e projec\u00e7\u00e3o de imagens interpretadas pela Banda Musical de Pevid\u00e9m e pela Orquestra Juvenil de Pevid\u00e9m, que decorreram no Grande Audit\u00f3rio do Centro Cultural Vila Flor, no Cinema S\u00e3o Mamede, no Pa\u00e7o dos Duques de Bragan\u00e7a, no Centro Paroquial de Pevid\u00e9m, no Centro Pastoral das Taipas e no Largo da Oliveira.<\/span><\/p>\n<p><span style=\"font-size: 11.0pt; font-family: 'Arial','sans-serif'; color: #3b3c3b;\" data-darkreader-inline-color=\"\">Ainda no \u00e2mbito da programa\u00e7\u00e3o oficial da Guimar\u00e3es 2012 \u2013 Capital Europeia da Cultura, o Cineclube de Guimar\u00e3es \u00e9 um dos promotores \u2013 em conjunto com a Sociedade Martins Sarmento, Conv\u00edvio, C\u00edrculo de Arte e Recreio, Escola Secund\u00e1ria Joaquim Santos Sim\u00f5es e Escola Secund\u00e1ria Francisco de Holanda \u2013 do \u201cTributo a Santos Sim\u00f5es\u201d, projecto\u00a0que pretende\u00a0<\/span><span style=\"font-size: 11.0pt; font-family: 'Arial','sans-serif'; color: #3b3c3b;\" data-darkreader-inline-color=\"\">homenagear uma figura impar na hist\u00f3ria cultural vimaranense da segunda metade do s\u00e9c. XX.<\/span><span style=\"font-size: 11.0pt; font-family: 'Arial','sans-serif'; color: #3b3c3b;\" data-darkreader-inline-color=\"\">\u00a0<\/span><\/p>\n<p><span style=\"color: #3b3c3b; font-family: Arial, sans-serif; font-size: 11pt; text-align: justify;\" data-darkreader-inline-color=\"\">De acordo com os dados oficiais do Instituto de Cinema e Audiovisual (ICA), com uma m\u00e9dia de 6 mil espectadores\/ano entre <span style=\"font-size: 11.0pt; font-family: 'Arial','sans-serif'; color: #3b3c3b;\" data-darkreader-inline-color=\"\">2007 e\u00a02010 e de 8 mil espectadores\/ano entre\u00a02016 e\u00a02020, o<\/span><\/span><span style=\"color: #3b3c3b; font-family: Arial, sans-serif; font-size: 11pt; text-align: justify;\" data-darkreader-inline-color=\"\">\u00a0Cineclube\u00a0<\/span><span style=\"color: #3b3c3b; font-family: Arial, sans-serif; font-size: 11pt; text-align: justify;\" data-darkreader-inline-color=\"\">de Guimar\u00e3es tem sido o cineclube portugu\u00eas com maior n\u00famero de espectadores nas suas sess\u00f5es<\/span><span style=\"font-size: 11.0pt; font-family: 'Arial','sans-serif'; color: #3b3c3b;\" data-darkreader-inline-color=\"\">.\u00a0<\/span><span style=\"font-size: 11.0pt; font-family: 'Arial','sans-serif'; color: #3b3c3b;\" data-darkreader-inline-color=\"\">O Cineclube de Guimar\u00e3es nunca teve complexos de ter um grande universo de associados. Por isso, desde o in\u00edcio percebeu que um expressivo n\u00famero de s\u00f3cios era garantia de um p\u00fablico diverso onde encontraria os mais diferentes gostos cinematogr\u00e1ficos para as v\u00e1rias propostas de programa\u00e7\u00e3o. Ali\u00e1s, cumprir os objectivos de divulga\u00e7\u00e3o da cultura cinematogr\u00e1fica atingindo um maior n\u00famero poss\u00edvel de pessoas sempre foi um prop\u00f3sito, sem quaisquer ced\u00eancias ao n\u00edvel da qualidade da programa\u00e7\u00e3o. A justeza da estrat\u00e9gia constata-se pelo crescimento constante da associa\u00e7\u00e3o, o que leva \u00e0 cria\u00e7\u00e3o de recursos financeiros que permitem o aumento de iniciativas e de filmes exibidos. <\/span><span style=\"font-size: 11.0pt; font-family: 'Arial','sans-serif'; color: #3b3c3b;\" data-darkreader-inline-color=\"\">Nos primeiros 20 anos o Cineclube realizou um pouco mais de 500 sess\u00f5es; tendo projectado nos restantes 44 anos \u2013 que completou em Maio de 2022 &#8211; cerca de 2750 sess\u00f5es. Estes n\u00fameros, particularmente os primeiros, pecam por defeito, porque sabe-se que v\u00e1rios registos n\u00e3o foram feitos, nomeadamente as projec\u00e7\u00f5es em formato v\u00eddeo que n\u00e3o foram sendo contabilizadas. Em paralelo ao crescimento da actividade, tamb\u00e9m o n\u00famero de associados tem\u00a0<span style=\"font-size: 11pt;\">vindo a aumentar ao longo do tempo de forma sustentada: dos 500 s\u00f3cios em 1985 aos cerca de 1000 s\u00f3cios no ano em que o Cineclube de Guimar\u00e3es completou 60 anos de exist\u00eancia.<\/span><\/span><\/p>\n<\/div>\n","protected":false},"excerpt":{"rendered":"<p>Nesse j\u00e1 distante ano de 1958, o Inverno n\u00e3o o foi esta\u00e7\u00e3o fria para a cultura vimaranense.\u00a0No Janeiro em que tantas plantas se casam com a terra-m\u00e3e, quis o amor pelo cinema que n\u00e3o havia &#8211;\u00a0ou raras vezes se encontrava &#8211; em Guimar\u00e3es, que se lan\u00e7asse nesta terra \u00fabere a semente que um dia\u00a0floriu ante [&hellip;]<\/p>\n","protected":false},"author":1,"featured_media":0,"parent":0,"menu_order":0,"comment_status":"open","ping_status":"closed","template":"","meta":{"footnotes":""},"class_list":["post-23","page","type-page","status-publish","hentry"],"_links":{"self":[{"href":"https:\/\/cineclubeguimaraes.org\/wordpress\/index.php?rest_route=\/wp\/v2\/pages\/23","targetHints":{"allow":["GET"]}}],"collection":[{"href":"https:\/\/cineclubeguimaraes.org\/wordpress\/index.php?rest_route=\/wp\/v2\/pages"}],"about":[{"href":"https:\/\/cineclubeguimaraes.org\/wordpress\/index.php?rest_route=\/wp\/v2\/types\/page"}],"author":[{"embeddable":true,"href":"https:\/\/cineclubeguimaraes.org\/wordpress\/index.php?rest_route=\/wp\/v2\/users\/1"}],"replies":[{"embeddable":true,"href":"https:\/\/cineclubeguimaraes.org\/wordpress\/index.php?rest_route=%2Fwp%2Fv2%2Fcomments&post=23"}],"version-history":[{"count":20,"href":"https:\/\/cineclubeguimaraes.org\/wordpress\/index.php?rest_route=\/wp\/v2\/pages\/23\/revisions"}],"predecessor-version":[{"id":12915,"href":"https:\/\/cineclubeguimaraes.org\/wordpress\/index.php?rest_route=\/wp\/v2\/pages\/23\/revisions\/12915"}],"wp:attachment":[{"href":"https:\/\/cineclubeguimaraes.org\/wordpress\/index.php?rest_route=%2Fwp%2Fv2%2Fmedia&parent=23"}],"curies":[{"name":"wp","href":"https:\/\/api.w.org\/{rel}","templated":true}]}}